{"id":4202,"date":"2026-08-27T20:00:45","date_gmt":"2026-08-27T20:00:45","guid":{"rendered":"https:\/\/fajasmoldeacolombia.com\/?post_type=product&#038;p=4202"},"modified":"2026-08-27T21:20:13","modified_gmt":"2026-08-27T21:20:13","slug":"body-alta-compresion-enterizo-gel-moldea-120ml-2","status":"publish","type":"product","link":"https:\/\/fajasmoldeacolombia.com\/en\/product\/body-alta-compresion-enterizo-gel-moldea-120ml-2\/","title":{"rendered":"Body Alta Compresion ENTERIZO + Gel Moldea 120ml"},"content":{"rendered":"<p data-path-to-node=\"4\"><b>Made in Colombia \ud83c\udde8\ud83c\uddf4<\/b><\/p>\n<h3 class=\"PDq2pG_selectionAnchorContainer\" data-section-id=\"m67fjn\" data-start=\"76\" data-end=\"129\">Body Enterizo<\/h3>\n<p class=\"PDq2pG_selectionAnchorContainer\" data-start=\"192\" data-end=\"470\">Descubre el <strong data-start=\"204\" data-end=\"235\">Body Enterizo de Microfibra<\/strong>, dise\u00f1ado para brindarte una apariencia m\u00e1s estilizada y definida mientras disfrutas de la comodidad que necesitas durante todo el d\u00eda. Su tejido de microfibra se adapta suavemente al cuerpo, ofreciendo un ajuste c\u00f3modo y favorecedor.<\/p>\n<p data-start=\"472\" data-end=\"492\"><strong data-start=\"472\" data-end=\"492\">Caracter\u00edsticas:<\/strong><\/p>\n<ul data-start=\"493\" data-end=\"1145\">\n<li data-section-id=\"8b1e9c\" data-start=\"493\" data-end=\"582\">\ud83d\udc8e <strong data-start=\"498\" data-end=\"518\">Dise\u00f1o enterizo:<\/strong> estiliza visualmente la figura y crea una silueta m\u00e1s uniforme.<\/li>\n<li data-section-id=\"u3hfl8\" data-start=\"583\" data-end=\"692\">\ud83d\udda4 <strong data-start=\"588\" data-end=\"620\">Microfibra suave y flexible:<\/strong> agradable al contacto con la piel y con excelente adaptaci\u00f3n al cuerpo.<\/li>\n<li data-section-id=\"1yg1hma\" data-start=\"693\" data-end=\"780\">\u2728 <strong data-start=\"697\" data-end=\"718\">Control y ajuste:<\/strong> ayuda a suavizar la zona abdominal, cintura, cadera y muslos.<\/li>\n<li data-section-id=\"1tfx33j\" data-start=\"781\" data-end=\"860\">\ud83c\udf51 <strong data-start=\"786\" data-end=\"808\">Realza la silueta:<\/strong> dise\u00f1o pensado para favorecer las curvas naturales.<\/li>\n<li data-section-id=\"1t6pzxy\" data-start=\"861\" data-end=\"965\">\ud83d\udc57 <strong data-start=\"866\" data-end=\"908\">Ideal para usar debajo de tus prendas:<\/strong> queda discreto y ayuda a conseguir un look m\u00e1s definido.<\/li>\n<li data-section-id=\"1bw5a2b\" data-start=\"966\" data-end=\"1057\">\ud83c\udf38 <strong data-start=\"971\" data-end=\"1001\">C\u00f3modo para el uso diario:<\/strong> perfecto para combinar con diferentes tipos de outfits.<\/li>\n<li data-section-id=\"xhjk0p\" data-start=\"1058\" data-end=\"1145\">\ud83d\udd25 <strong data-start=\"1063\" data-end=\"1085\">Short incorporado:<\/strong> proporciona mayor cobertura y control en la zona de muslos.<\/li>\n<\/ul>","protected":false},"excerpt":{"rendered":"<h3 class=\"PDq2pG_selectionAnchorContainer\" data-section-id=\"6inori\" data-start=\"1147\" data-end=\"1176\">\ud83d\udc95 \u00bfPor qu\u00e9 te encantar\u00e1?<\/h3>\n<p data-start=\"1178\" data-end=\"1379\">Porque combina <strong data-start=\"1193\" data-end=\"1248\">moldeo, comodidad y versatilidad en una sola prenda<\/strong>. \u00dasalo con vestidos, pantalones, faldas o tus prendas favoritas para conseguir una silueta m\u00e1s estilizada y un ajuste favorecedor.<\/p>\n<p data-start=\"1381\" data-end=\"1554\" data-is-last-node=\"\" data-is-only-node=\"\"><strong data-start=\"1381\" data-end=\"1397\">\ud83d\udccc Material:<\/strong> Microfibra<br data-start=\"1408\" data-end=\"1411\" \/><strong data-start=\"1411\" data-end=\"1423\">\ud83d\udccc Tipo:<\/strong> Body enterizo con short<br data-start=\"1447\" data-end=\"1450\" \/><strong data-start=\"1450\" data-end=\"1474\">\ud83d\udccc Nivel de control:<\/strong> Medio<br data-start=\"1480\" data-end=\"1483\" \/><strong data-start=\"1483\" data-end=\"1494\">\ud83d\udccc Uso:<\/strong> Diario, ocasiones especiales y debajo de prendas de vestir.<\/p>\n<p data-path-to-node=\"6\"><b>\u2705 Personalized Size Guide \u2728<\/b><\/p>\n<p data-path-to-node=\"7\"><b>Shop with confidence\u2014we're here to help.<\/b><\/p>\n<p data-path-to-node=\"8\">If you have any doubts about your size, place your order with confidence.<\/p>\n<p data-path-to-node=\"9\">\ud83d\udcf2 Before you send in your girdle, a consultant will message you on WhatsApp or call you to help you choose the right size and confirm everything with you.<\/p>\n<p data-path-to-node=\"10\">\ud83d\udc96 You'll have support every step of the way.<\/p>","protected":false},"featured_media":4215,"comment_status":"open","ping_status":"closed","template":"","meta":[],"product_brand":[],"product_cat":[79],"product_tag":[],"class_list":["post-4202","product","type-product","status-publish","has-post-thumbnail","product_cat-bodys-moldeadores","product_shipping_class-envio-gratis","first","instock","featured","shipping-taxable","purchasable","product-type-variable"],"_links":{"self":[{"href":"https:\/\/fajasmoldeacolombia.com\/en\/wp-json\/wp\/v2\/product\/4202","targetHints":{"allow":["GET"]}}],"collection":[{"href":"https:\/\/fajasmoldeacolombia.com\/en\/wp-json\/wp\/v2\/product"}],"about":[{"href":"https:\/\/fajasmoldeacolombia.com\/en\/wp-json\/wp\/v2\/types\/product"}],"replies":[{"embeddable":true,"href":"https:\/\/fajasmoldeacolombia.com\/en\/wp-json\/wp\/v2\/comments?post=4202"}],"wp:featuredmedia":[{"embeddable":true,"href":"https:\/\/fajasmoldeacolombia.com\/en\/wp-json\/wp\/v2\/media\/4215"}],"wp:attachment":[{"href":"https:\/\/fajasmoldeacolombia.com\/en\/wp-json\/wp\/v2\/media?parent=4202"}],"wp:term":[{"taxonomy":"product_brand","embeddable":true,"href":"https:\/\/fajasmoldeacolombia.com\/en\/wp-json\/wp\/v2\/product_brand?post=4202"},{"taxonomy":"product_cat","embeddable":true,"href":"https:\/\/fajasmoldeacolombia.com\/en\/wp-json\/wp\/v2\/product_cat?post=4202"},{"taxonomy":"product_tag","embeddable":true,"href":"https:\/\/fajasmoldeacolombia.com\/en\/wp-json\/wp\/v2\/product_tag?post=4202"}],"curies":[{"name":"wp","href":"https:\/\/api.w.org\/{rel}","templated":true}]}}